{"id":92,"date":"2013-07-11T06:07:00","date_gmt":"2013-07-11T06:07:00","guid":{"rendered":"http:\/\/eec.cat\/blog\/?page_id=92"},"modified":"2026-03-07T17:00:14","modified_gmt":"2026-03-07T16:00:14","slug":"obra-social","status":"publish","type":"page","link":"https:\/\/eec.cat\/blog\/obra-social\/","title":{"rendered":"Obra social"},"content":{"rendered":"<p>Les esgl\u00e9sies de tradici\u00f3 protestant han estat sempre molt preocupades per ajudar als col\u00b7lectius m\u00e9s desfavorits, tractant d\u2019estar al costat de les persones, no nom\u00e9s predicant l\u2019evangeli, sin\u00f3 tamb\u00e9 col\u00b7laborant en tasques de desenvolupament\u00a0social.<\/p>\n<p>L&#8217;Esgl\u00e9sia Evang\u00e8lica de Catalunya ha fundat en els \u00faltims anys diferents entitats orientades a oferir un servei centrat en la necessitat de la persona, basat en la qualitat i l\u2019especialitzaci\u00f3, i en coordinaci\u00f3 amb les diferents institucions implicades del nostre pa\u00eds.<\/p>\n<h2>Betsan Fundaci\u00f3<\/h2>\n<p>C\/ Monturiol, 32 &#8211; 08923, Sta Coloma de Gramenet (Barcelona)<br \/>\n<a href=\"http:\/\/www.iee-betsan.org\" target=\"_blank\" rel=\"noopener\">www.iee-betsan.org<\/a><br \/>\nTel. 93.385.07.89 &#8211; direccio@iee-betsan.org<\/p>\n<p><img loading=\"lazy\" decoding=\"async\" class=\"alignleft size-medium wp-image-1836\" src=\"http:\/\/eec.cat\/blog\/wp-content\/uploads\/2013\/07\/Imagen1-300x184.jpg\" alt=\"\" width=\"300\" height=\"184\" srcset=\"https:\/\/eec.cat\/blog\/wp-content\/uploads\/2013\/07\/Imagen1-300x184.jpg 300w, https:\/\/eec.cat\/blog\/wp-content\/uploads\/2013\/07\/Imagen1-768x471.jpg 768w, https:\/\/eec.cat\/blog\/wp-content\/uploads\/2013\/07\/Imagen1-1024x628.jpg 1024w, https:\/\/eec.cat\/blog\/wp-content\/uploads\/2013\/07\/Imagen1.jpg 1215w\" sizes=\"auto, (max-width: 300px) 100vw, 300px\" \/>Bet-san \u00e9s una Fundaci\u00f3 Privada sense \u00e0nim de lucre, amb una traject\u00f2ria d\u2019atenci\u00f3 a les persones grans des de l\u2019any 1969.<\/p>\n<p>Oferim serveis de resid\u00e8ncia assistida, llar residencia i acolliment di\u00fcrn amb el prop\u00f2sit de donar suport en les activitats de la vida di\u00e0ria, promocionar l\u2019autonomia i afavorir el benestar de les persones ateses. Disposem d\u2019un equip hum\u00e0 qualificat per proporcionar una atenci\u00f3 integral i personalitzada.<\/p>\n<p>Volem oferir continu\u00eftat al seu Projecte de Vida tot valorant els seus gustos, preferencies i desitjos;\u00a0millorar el seu benestar i fomentar la seva autonomia mitjan\u00e7ant uns serveis i prestacions de qualitat.<\/p>\n<p>La persona \u00e9s el nostre \u00a0eix central de la intervenci\u00f3, des dels principis d\u2019igualtat, respecte, dignitat i promoci\u00f3 de l\u2019autonomia.<br \/>\nL\u2019amabilitat en el tracte i la formaci\u00f3 continuada dels nostres professionals.<br \/>\nEl treball en equip.<br \/>\nLa promoci\u00f3 de la participaci\u00f3 de la persona i dels seus familiars.<br \/>\nLa promoci\u00f3 del voluntariat i el foment de les relacions amb l\u2019entorn, potenciant aliances amb altres entitats del sector.<br \/>\nL\u2019atenci\u00f3 a l\u2019espiritualitat de les persones ateses des d\u2019una inspiraci\u00f3 cristiana.<\/p>\n<hr \/>\n<h2>El Far Servei Social\u00a0Protestant<\/h2>\n<p>C\/ Pirineus,2 \u00b7 08923 Santa Coloma de Gramenet \u00b7 Barcelona<br \/>\n<a href=\"http:\/\/www.elfarsocial.cat\" target=\"_blank\" rel=\"noopener\">www.elfarsocial.cat<\/a><br \/>\nTel. 93 386 10 48 &#8211; directora@elfarsocial.cat<\/p>\n<p>El FAR \u00e9s una entitat social cristiana en la seva tradici\u00f3 protestant, sense \u00e0nim de lucre que es va fundar el 1992 i que t\u00e9 com a objectiu principal atendre a persones en situaci\u00f3 de risc social. Portem a terme diferents projectes en els quals donem atenci\u00f3 a persones amb problemes de toxicomanies i desestructuraci\u00f3 social, aix\u00ed com a menors provinents de fam\u00edlies multiproblem\u00e0tiques.\u00a0Pensem que la societat es pot transformar i que hem de participar en aquest canvi per a crear oportunitats per a tothom perqu\u00e8 pugui millorar la seva vida.<\/p>\n<p>El FAR \u00e9s una entitat \u00a0oberta a la ciutadania, amb vocaci\u00f3, i accessible a totes les persones. Estem compromesos amb la societat, en particular amb els ciutadans m\u00e9s vulnerables. Creiem i considerem que tota persona \u00e9s un projecte de vida i, com a tal, digne de viure amb qualitat i dignitat.<\/p>\n<p>Actualment el Far treballa en aquests projectes:<\/p>\n<p><img loading=\"lazy\" decoding=\"async\" class=\"alignleft size-full wp-image-1803\" src=\"http:\/\/eec.cat\/blog\/wp-content\/uploads\/2013\/07\/CO-Moises_logo-200x113.jpg\" alt=\"\" width=\"200\" height=\"113\" \/><\/p>\n<p><strong>Centre Obert Mois\u00e8s<\/strong><\/p>\n<p>Des de El Far, volem ajudar infants i fam\u00edlies. Considerem que tot \u00e9sser hum\u00e0 t\u00e9 dret a gaudir d\u2019una vida digna i de qualitat. Per tant, el projecte pret\u00e9n oferir l\u2019oportunitat de \u201csortir del corrent\u201d a nens i nenes que han nascut en circumst\u00e0ncies dif\u00edcils i que mereixen l\u2019oportunitat de viure una vida digna i plena.<\/p>\n<p>Com a entitat, reconeixem el dret de tot infant a un nivell de benestar adequat per a assegurar el seu desenvolupament f\u00edsic, mental, espiritual, moral i social (Convenci\u00f3 dels Drets de la Inf\u00e0ncia, article 27).<\/p>\n<p><img loading=\"lazy\" decoding=\"async\" class=\"alignleft wp-image-1804\" src=\"http:\/\/eec.cat\/blog\/wp-content\/uploads\/2013\/07\/MOI_jove_logo.jpg\" alt=\"\" width=\"231\" height=\"124\" \/><\/p>\n<div>\n<p><strong>Moi Jove<\/strong><\/p>\n<p>El Moi Jove, neix l\u2019any 2011 com una extensi\u00f3 del Centre Obert Mois\u00e8s at\u00e8s que volem donar continu\u00eftat a les necessitats educatives dels adolescents de 12 a 16 anys.<\/p>\n<p>Atenem 22 joves que provenen de fam\u00edlies en situaci\u00f3 de risc social, que passen situacions d\u2019una gran dificultat i problem\u00e0tiques molt diverses. Estem en funcionament de dilluns a divendres de 17h a 20:30 h. Ens trobem al barri de Santa Rosa, a Santa Coloma de Gramenet.<\/p>\n<\/div>\n<div><\/div>\n<div>\n<p><img loading=\"lazy\" decoding=\"async\" class=\"alignleft wp-image-1805\" src=\"http:\/\/eec.cat\/blog\/wp-content\/uploads\/2013\/07\/Bolivia.jpg\" alt=\"\" width=\"214\" height=\"125\" \/><strong>Hogar el Far Bolivia<\/strong><\/p>\n<p>Un dels nostres valors com a entitat \u00e9s la solidaritat; per aix\u00f2, ens impliquem amb la nostra societat propera per\u00f2 tamb\u00e9 amb altres realitats m\u00e9s desfavorables com s\u00f3n les del tercer m\u00f3n. Al si de l\u2019entitat va n\u00e9ixer la nostra preocupaci\u00f3 per la situaci\u00f3 de pobresa extrema i la vulneraci\u00f3 de drets humans que viu gran part de la comunitat boliviana, en concret, la situaci\u00f3 de les dones i adolescents d\u2019aquell pa\u00eds. Per tot aix\u00f2, a l\u2019estiu del 2008, un grup de col\u00b7laboradors i voluntaris realitz\u00e0 una expedici\u00f3 a Bol\u00edvia amb l\u2019objectiu de valorar les necessitats, m\u00e9s urgents, de nens, nenes i adolescents i contactar amb diferents organitzacions per tal de valorar la idone\u00eftat d\u2019un projecte de cooperaci\u00f3 d\u2019ajuda a la inf\u00e0ncia i adolesc\u00e8ncia a Bol\u00edvia.<\/p>\n<p>Davant l\u2019escassa xarxa de recursos destinats a les mares adolescents a Santa Cruz de la Sierra, plantegem la proposta de cooperaci\u00f3 a trav\u00e9s de la creaci\u00f3 d\u2019una llar. Aquesta iniciativa de cooperaci\u00f3 neix per fer possible el dret dels nens i les nenes a un entorn favorable i potenciador del desenvolupament.<\/p>\n<p>La llar tindr\u00e0 cura de mares adolescents entre 10 i 15 anys (edat d\u2019entrada) fins als 18 anys (sortida de la Llar) aix\u00ed com del seu nad\u00f3.<\/p>\n<p><img loading=\"lazy\" decoding=\"async\" class=\"alignleft wp-image-1807\" src=\"http:\/\/eec.cat\/blog\/wp-content\/uploads\/2013\/07\/ofi_Acollida_logo1.jpg\" alt=\"\" width=\"232\" height=\"137\" \/><\/p>\n<\/div>\n<div><strong>Oficina d&#8217;Acollida<\/strong><\/div>\n<div>\n<p>\u00c9s un projecte d\u2019acollida, orientaci\u00f3 i derivaci\u00f3 per a qualsevol persona que presenti una problem\u00e0tica de caire social. Atenem qualsevol persona que s\u2019adreci a nosaltres i necessiti orientaci\u00f3, suport o seguiment en qualsevol problem\u00e0tica social. Per aix\u00f2, comptem amb un equip professional i especialitzat.<\/p>\n<p>Aix\u00ed mateix, a l\u2019entitat treballem en xarxa i ens coordinem amb diverses entitats socioeducatives i terap\u00e8utiques.<\/p>\n<p>Per a obtenir m\u00e9s informaci\u00f3 d\u2019aquest recurs o sol\u00b7licitar entrevista pr\u00e8via podeu contactar al tel\u00e8fon: 625.957.322<\/p>\n<\/div>\n<h2>Casa de Col\u00f2nies Aiguaviva<\/h2>\n<p><img loading=\"lazy\" decoding=\"async\" class=\"alignleft size-medium wp-image-1808\" src=\"http:\/\/eec.cat\/blog\/wp-content\/uploads\/2013\/07\/Q_MG_9330_610-300x200.jpg\" alt=\"\" width=\"300\" height=\"200\" srcset=\"https:\/\/eec.cat\/blog\/wp-content\/uploads\/2013\/07\/Q_MG_9330_610-300x200.jpg 300w, https:\/\/eec.cat\/blog\/wp-content\/uploads\/2013\/07\/Q_MG_9330_610-768x512.jpg 768w, https:\/\/eec.cat\/blog\/wp-content\/uploads\/2013\/07\/Q_MG_9330_610.jpg 800w\" sizes=\"auto, (max-width: 300px) 100vw, 300px\" \/><\/p>\n<p>Km 24 de la carretera de Berga a Sant Lloren\u00e7 de Morunys. (GPS: 42\u00b007\u201917.6\u2033N 1\u00b039\u201949.1\u2033E)<\/p>\n<p>Informaci\u00f3 i reserves:\u00a093 386 10 48 &#8211;\u00a0661295703 &#8211;\u00a0625 957 322<br \/>\nE-mail: aiguaviva@elfarsocial.cat<\/p>\n<p><a href=\"http:\/\/www.casadecoloniesaiguaviva.net\/\" target=\"_blank\" rel=\"noopener\">www.casadecoloniesaiguaviva.net<\/a><\/p>\n<p>Aiguaviva \u00e9s la famosa casa de vacances i col\u00f2nies de l\u2019Esgl\u00e9sia Evang\u00e8lica de Catalunya, i que ara gestiona <strong>el Far Servei Social Evang\u00e8lic,<\/strong>\u00a0com espai de trobada a trav\u00e9s del contacte directe amb la natura i la conviv\u00e8ncia amb els altres.<\/p>\n<p>Les seves activitats no nom\u00e9s s\u2019adrecen tant als usuaris del Far, sin\u00f2 que est\u00e0 oberta a totes les institucions que desitgin fer \u00fas de les instal.lacions (escoles, casals, grups de joves, etc).<\/p>\n<p>La Casa t\u00e9 una capacitat de 48 places com a casa de col\u00f2nies. Les instal\u00b7lacions s\u00f3n les adequades i compleixen la normativa legal que les regula i disposa de cuina, menjador, lavabos i habitacions comunitaris. Aix\u00ed mateix tamb\u00e9 disposa d\u2019una zona de jocs i bugaderia.<\/p>\n<p>La ubicaci\u00f3 de la Casa \u00e9s id\u00f2nia pel desenvolupament d\u2019activitats en grup, especialment amb nens i nenes. Activitats que es poden portar a terme a l\u2019aire lliure i gaudint de la natura, potenciant el contacte i coneixement del medi ambient.<\/p>\n<p>Es poden realitzar excursions a peu, tant curtes com de llarga durada, en bicicleta de muntanya (existeixen circuits marcats), en vehicles motoritzats i, si s\u2019escau, a cavall.<\/p>\n<hr \/>\n<h2>Frater-Nadal Servei Social Evang\u00e8lic<\/h2>\n<p><img loading=\"lazy\" decoding=\"async\" class=\"alignleft wp-image-1810\" src=\"http:\/\/eec.cat\/blog\/wp-content\/uploads\/2013\/07\/frater-nadal-logo-V-01-300x212.jpg\" alt=\"\" width=\"250\" height=\"181\" \/>Carrer del Dr. Gimbernat 44, 08191, Rub\u00ed<br \/>\nTel.: 626 762 701<\/p>\n<p>Web: <a href=\"http:\/\/fraternadal.org\" target=\"_blank\" rel=\"noopener\">www.fraternadal.org<\/a><\/p>\n<p>\u201cFrater-Nadal\u201d Servei Social Evang\u00e8lic t\u00e9 al seu origen dins de la 1a Esgl\u00e9sia Protestant a Rub\u00ed del carrer Colom 6, (Rub\u00ed), i per tant \u00e9s la conseq\u00fc\u00e8ncia de la nostre fe cristiana i concretament de la nostra tradici\u00f3 metodista, els valors de la qual es centren en la recerca de la just\u00edcia social, la igualtat d\u2019oportunitats pels nostres ciutadans, la llibertat de consci\u00e8ncia i fe, la inclusi\u00f3 dels exclosos i dels migrants, i la solidaritat activa, valors que hem vingut desenvolupant a la nostre ciutat de Rub\u00ed des del 1881.<\/p>\n<p><img loading=\"lazy\" decoding=\"async\" class=\"alignleft size-medium wp-image-1811\" src=\"http:\/\/eec.cat\/blog\/wp-content\/uploads\/2013\/07\/20160421-004_S-300x200.jpg\" alt=\"\" width=\"300\" height=\"200\" srcset=\"https:\/\/eec.cat\/blog\/wp-content\/uploads\/2013\/07\/20160421-004_S-300x200.jpg 300w, https:\/\/eec.cat\/blog\/wp-content\/uploads\/2013\/07\/20160421-004_S-768x512.jpg 768w, https:\/\/eec.cat\/blog\/wp-content\/uploads\/2013\/07\/20160421-004_S-1024x683.jpg 1024w\" sizes=\"auto, (max-width: 300px) 100vw, 300px\" \/>El projecte de \u201cFrater-Nadal\u201d Servei Social Evang\u00e8lic consisteix en un programa d\u2019atenci\u00f3 prim\u00e0ria de distribuci\u00f3 d\u2019aliments, cal\u00e7at i roba per a persones necessitades derivades per els Serveis Socials de l\u2019Ajuntament de Rub\u00ed, i espor\u00e0dicament a d\u2019altres persones en situaci\u00f3 de precarietat urgent.<\/p>\n<p>Actualment col\u00b7laboren amb \u201cFrater-Nadal\u201d 38 voluntaris i volunt\u00e0ries, als que hem de sumar 28 m\u00e9s per als Grans Recaptes.<\/p>\n<p>Aix\u00ed primer sota el paraigua institucional del Far (1998) i despr\u00e9s ja com a entitat independent (2001) \u201cFrater-Nadal Servei Social Evang\u00e8lic\u201d es consolida amb un grup de 12 voluntaris de l\u2019esgl\u00e9sia i es constitueix associaci\u00f3 registrada com a ONG en la Generalitat de Catalunya i comen\u00e7a a caminar al costat de l\u2019esgl\u00e9sia per\u00f2 amb la seva pr\u00f2pia junta de govern.<\/p>\n<p><strong>Descripci\u00f3 del servei<\/strong><br \/>\nEl projecte de \u201cFrater-Nadal\u201d Servei Social Evang\u00e8lic es dur a terme al Carrer del Doctor Gimbernat 44, 08191 de Rub\u00ed, i consisteix en un programa d\u2019atenci\u00f3 prim\u00e0ria de distribuci\u00f3 d\u2019aliments, cal\u00e7at i roba per a persones necessitades derivades per els Serveis Socials de l\u2019Ajuntament de Rub\u00ed, i espor\u00e0dicament a d\u2019altres persones en situaci\u00f3 de precarietat urgent.<\/p>\n<p>Tanmateix oferim als nostres beneficiaris formaci\u00f3 en diferents \u00e0mbits, amb l&#8217;objectiu d&#8217;ajudar en el seu desenvolupament personal, obrint noves possibilitats de futur.<br \/>\n<strong>Destinataris<\/strong><br \/>\nEls destinataris del nostre servei s\u00f3n principalment fam\u00edlies del municipi de Rub\u00ed amb fills o filles majors de tres anys, en risc d\u2019exclusi\u00f3 social, o altres situacions prec\u00e0ries, valorats pr\u00e8viament pels assistents socials de l\u2019Ajuntament.<br \/>\nQuan cal, tamb\u00e9 oferim el nostre servei a aquelles persones que, encara que puguin estar fora del nostre perfil, per problemes de mobilitat no poden accedir a d\u2019altres serveis similars de la nostre ciutat que els hi correspondrien; aix\u00ed tamb\u00e9 com a persones o fam\u00edlies que necessiten ajuda urgent als quals derivem immediatament als serveis socials, un cop feta una primera atenci\u00f3 d\u2019urg\u00e8ncia.<\/p>\n","protected":false},"excerpt":{"rendered":"<p>Les esgl\u00e9sies de tradici\u00f3 protestant han estat sempre molt preocupades per ajudar als col\u00b7lectius m\u00e9s desfavorits, tractant d\u2019estar al costat de les persones, no nom\u00e9s predicant l\u2019evangeli, sin\u00f3 tamb\u00e9 col\u00b7laborant en tasques de desenvolupament\u00a0social. L&#8217;Esgl\u00e9sia Evang\u00e8lica de Catalunya ha fundat en els \u00faltims anys diferents entitats orientades a oferir un servei centrat en la necessitat [&hellip;]<\/p>\n","protected":false},"author":1,"featured_media":2532,"parent":0,"menu_order":0,"comment_status":"closed","ping_status":"open","template":"","meta":{"footnotes":""},"class_list":["post-92","page","type-page","status-publish","has-post-thumbnail","hentry"],"jetpack_sharing_enabled":true,"_links":{"self":[{"href":"https:\/\/eec.cat\/blog\/wp-json\/wp\/v2\/pages\/92","targetHints":{"allow":["GET"]}}],"collection":[{"href":"https:\/\/eec.cat\/blog\/wp-json\/wp\/v2\/pages"}],"about":[{"href":"https:\/\/eec.cat\/blog\/wp-json\/wp\/v2\/types\/page"}],"author":[{"embeddable":true,"href":"https:\/\/eec.cat\/blog\/wp-json\/wp\/v2\/users\/1"}],"replies":[{"embeddable":true,"href":"https:\/\/eec.cat\/blog\/wp-json\/wp\/v2\/comments?post=92"}],"version-history":[{"count":8,"href":"https:\/\/eec.cat\/blog\/wp-json\/wp\/v2\/pages\/92\/revisions"}],"predecessor-version":[{"id":2552,"href":"https:\/\/eec.cat\/blog\/wp-json\/wp\/v2\/pages\/92\/revisions\/2552"}],"wp:featuredmedia":[{"embeddable":true,"href":"https:\/\/eec.cat\/blog\/wp-json\/wp\/v2\/media\/2532"}],"wp:attachment":[{"href":"https:\/\/eec.cat\/blog\/wp-json\/wp\/v2\/media?parent=92"}],"curies":[{"name":"wp","href":"https:\/\/api.w.org\/{rel}","templated":true}]}}