{"id":1738,"date":"2017-03-17T17:16:27","date_gmt":"2017-03-17T17:16:27","guid":{"rendered":"http:\/\/eec.cat\/blog\/?page_id=1738"},"modified":"2026-03-07T17:00:14","modified_gmt":"2026-03-07T16:00:14","slug":"les-nostres-comunitats","status":"publish","type":"page","link":"https:\/\/eec.cat\/blog\/les-nostres-comunitats\/","title":{"rendered":"Les nostres comunitats"},"content":{"rendered":"<p>Les comunitats de l&#8217;Esgl\u00e9sia Evang\u00e9lica de Catalunya estan dintre de les tradicions metodista o presbiteriana.<\/p>\n<p>Troba la comunitat cristiana que estigui m\u00e9s a prop teu, a totes ser\u00e0s molt benvingut\/da!<\/p>\n<h1>Prov\u00edncia de Barcelona<\/h1>\n<h2>Barcelona ciutat<\/h2>\n<div dir=\"auto\">\n<h3><em><strong>Esgl\u00e9sia Protestant de Barcelona Centre<\/strong><\/em><\/h3>\n<div dir=\"auto\"><img loading=\"lazy\" decoding=\"async\" class=\"alignleft size-medium wp-image-1783\" src=\"http:\/\/eec.cat\/blog\/wp-content\/uploads\/2017\/03\/Captura-de-pantalla-2017-03-20-a-les-12.49.56-222x300.png\" alt=\"\" width=\"222\" height=\"300\" srcset=\"https:\/\/eec.cat\/blog\/wp-content\/uploads\/2017\/03\/Captura-de-pantalla-2017-03-20-a-les-12.49.56-222x300.png 222w, https:\/\/eec.cat\/blog\/wp-content\/uploads\/2017\/03\/Captura-de-pantalla-2017-03-20-a-les-12.49.56-768x1037.png 768w, https:\/\/eec.cat\/blog\/wp-content\/uploads\/2017\/03\/Captura-de-pantalla-2017-03-20-a-les-12.49.56-758x1024.png 758w, https:\/\/eec.cat\/blog\/wp-content\/uploads\/2017\/03\/Captura-de-pantalla-2017-03-20-a-les-12.49.56.png 798w\" sizes=\"auto, (max-width: 222px) 100vw, 222px\" \/>c\/ dels Tallers 26,\u00a008001\u00a0Barcelona<\/div>\n<div dir=\"auto\">T\u00e8l de contacte: 93 318 97 98<br \/>\n<strong>Pra. Marta L\u00f3pez<\/strong><\/div>\n<div dir=\"auto\">mail: info@esglesiatallers.org<\/div>\n<div dir=\"auto\">Web:\u00a0<a href=\"http:\/\/www.esglesiatallers.org\" target=\"_blank\" rel=\"noopener\">www.esglesiatallers.org<\/a><\/div>\n<div dir=\"auto\"><a href=\"https:\/\/www.facebook.com\/esglesiatallers\/\" target=\"_blank\" rel=\"noopener\">FaceBook Esgl\u00e9sia Protestant de Barcelona Centre<\/a><\/div>\n<div dir=\"auto\"><a href=\"https:\/\/www.youtube.com\/@esglesiaprotestantdebarcel3038\" target=\"_blank\" rel=\"noopener\">Youtube<\/a><\/div>\n<\/div>\n<div dir=\"auto\"><span style=\"color: #ffffff;\">.\u00a0<\/span><\/div>\n<div dir=\"auto\"><span style=\"color: #ffffff;\">.\u00a0<\/span><\/div>\n<div dir=\"auto\"><span style=\"color: #ffffff;\">.\u00a0<\/span><\/div>\n<div dir=\"auto\"><span style=\"color: #ffffff;\">.\u00a0<\/span><\/div>\n<div dir=\"auto\"><span style=\"color: #ffffff;\">.\u00a0<\/span><\/div>\n<div dir=\"auto\">\n<div dir=\"auto\"><span style=\"color: #ffffff;\">.\u00a0<\/span><\/div>\n<div dir=\"auto\"><span style=\"color: #ffffff;\">.\u00a0<\/span><\/div>\n<div dir=\"auto\"><span style=\"color: #ffffff;\">.\u00a0<\/span><\/div>\n<p><span style=\"color: #ffffff;\">.\u00a0<\/span><\/p>\n<\/div>\n<div dir=\"auto\">\n<div dir=\"auto\">\n<hr \/>\n<h3><em><strong>Esgl\u00e9sia Evang\u00e8lica de Betlem<\/strong><\/em><\/h3>\n<div dir=\"auto\"><img loading=\"lazy\" decoding=\"async\" class=\"alignleft size-medium wp-image-1786\" src=\"http:\/\/eec.cat\/blog\/wp-content\/uploads\/2017\/03\/betlem-300x186.jpg\" alt=\"\" width=\"300\" height=\"186\" srcset=\"https:\/\/eec.cat\/blog\/wp-content\/uploads\/2017\/03\/betlem-300x186.jpg 300w, https:\/\/eec.cat\/blog\/wp-content\/uploads\/2017\/03\/betlem.jpg 600w\" sizes=\"auto, (max-width: 300px) 100vw, 300px\" \/>c\/ de la Naci\u00f3 24,\u00a008026\u00a0Barcelona<\/div>\n<div dir=\"auto\">T\u00e8l de contacte: 934.351.763 i 628.665.003<br \/>\n<strong>Pr. V\u00edctor Hern\u00e1ndez<\/strong><\/div>\n<div dir=\"auto\"><a href=\"https:\/\/www.facebook.com\/esglesiabetlem?fref=ts\" target=\"_blank\" rel=\"noopener\">FaceBook Esgl\u00e9sia Betlem<\/a><\/div>\n<\/div>\n<\/div>\n<div dir=\"auto\">\n<div dir=\"auto\"><span style=\"color: #ffffff;\">.\u00a0<\/span><\/div>\n<div dir=\"auto\"><span style=\"color: #ffffff;\">.\u00a0<\/span><\/div>\n<div dir=\"auto\"><span style=\"color: #ffffff;\">.\u00a0<\/span><\/div>\n<div dir=\"auto\"><span style=\"color: #ffffff;\">.\u00a0<\/span><\/div>\n<div dir=\"auto\"><span style=\"color: #ffffff;\">.<\/span><\/div>\n<\/div>\n<div dir=\"auto\">\n<div dir=\"auto\">\n<div dir=\"auto\">\n<hr \/>\n<h3><em><strong>Esgl\u00e9sia Protestant de Betel+Sant Pau<\/strong><\/em><\/h3>\n<div dir=\"auto\"><img loading=\"lazy\" decoding=\"async\" class=\"alignleft size-medium wp-image-1792\" src=\"http:\/\/eec.cat\/blog\/wp-content\/uploads\/2017\/03\/BETELSANTPAU-300x240.jpg\" alt=\"\" width=\"300\" height=\"240\" srcset=\"https:\/\/eec.cat\/blog\/wp-content\/uploads\/2017\/03\/BETELSANTPAU-300x240.jpg 300w, https:\/\/eec.cat\/blog\/wp-content\/uploads\/2017\/03\/BETELSANTPAU-768x614.jpg 768w, https:\/\/eec.cat\/blog\/wp-content\/uploads\/2017\/03\/BETELSANTPAU.jpg 960w\" sizes=\"auto, (max-width: 300px) 100vw, 300px\" \/>c\/ de Arag\u00f3 51,\u00a008015\u00a0Barcelona<\/div>\n<div dir=\"auto\">mail: esglesiasantpau@gmail.com<\/div>\n<div dir=\"auto\"><strong>Pr. Ismael Gramaje<\/strong><\/div>\n<div dir=\"auto\">Web:\u00a0<a href=\"http:\/\/www.esglesiasantpau.org\" target=\"_blank\" rel=\"noopener\">www.esglesiasantpau.org<\/a><\/div>\n<div dir=\"auto\"><a href=\"https:\/\/www.facebook.com\/esglesiasantpau\/\" target=\"_blank\" rel=\"noopener\">Facebook Esgl\u00e9sia Protestant Sant Pau<\/a><\/div>\n<div dir=\"auto\"><a href=\"https:\/\/www.instagram.com\/esglesia_protestant_santpau\/\" target=\"_blank\" rel=\"noopener\">Instagram Esgl\u00e9sia Protestant Sant Pau<\/a><\/div>\n<\/div>\n<\/div>\n<\/div>\n<div dir=\"auto\">\n<div dir=\"auto\"><span style=\"color: #ffffff;\">.\u00a0<\/span><\/div>\n<div dir=\"auto\"><span style=\"color: #ffffff;\">.\u00a0<\/span><\/div>\n<div dir=\"auto\"><span style=\"color: #ffffff;\">.\u00a0<\/span><\/div>\n<div dir=\"auto\"><span style=\"color: #ffffff;\">.\u00a0<\/span><\/div>\n<div dir=\"auto\">\n<p><span style=\"color: #ffffff;\"><span style=\"color: #ffffff;\">.<\/span><\/span><\/p>\n<div dir=\"auto\"><span style=\"color: #ffffff;\">.\u00a0<\/span><\/div>\n<\/div>\n<\/div>\n<div dir=\"auto\">\n<div dir=\"auto\">\n<div dir=\"auto\">\n<div dir=\"auto\">\n<hr \/>\n<h3><em><strong>Esgl\u00e9sia Evang\u00e8lica del Poble Nou<\/strong><\/em><\/h3>\n<div dir=\"auto\"><img loading=\"lazy\" decoding=\"async\" class=\"alignleft size-medium wp-image-1794\" src=\"http:\/\/eec.cat\/blog\/wp-content\/uploads\/2017\/03\/qvaYhrP6-300x300.jpg\" alt=\"\" width=\"300\" height=\"300\" srcset=\"https:\/\/eec.cat\/blog\/wp-content\/uploads\/2017\/03\/qvaYhrP6-300x300.jpg 300w, https:\/\/eec.cat\/blog\/wp-content\/uploads\/2017\/03\/qvaYhrP6-150x150.jpg 150w, https:\/\/eec.cat\/blog\/wp-content\/uploads\/2017\/03\/qvaYhrP6.jpg 512w\" sizes=\"auto, (max-width: 300px) 100vw, 300px\" \/>c\/ de Llull 161,\u00a008005\u00a0Barcelona<\/div>\n<div dir=\"auto\">Tel de contacte: 93 485 48 41<\/div>\n<div dir=\"auto\"><strong>Pr. Octavi Abril<\/strong><\/div>\n<div dir=\"auto\">Web:\u00a0<a href=\"http:\/\/www.iepoble9.org\">www.iepoble9.org<\/a><\/div>\n<\/div>\n<\/div>\n<\/div>\n<\/div>\n<div dir=\"auto\">\n<div dir=\"auto\"><span style=\"color: #ffffff;\">.\u00a0<\/span><\/div>\n<div dir=\"auto\"><span style=\"color: #ffffff;\">.\u00a0<\/span><\/div>\n<div dir=\"auto\"><span style=\"color: #ffffff;\">.\u00a0<\/span><\/div>\n<div dir=\"auto\"><span style=\"color: #ffffff;\">.\u00a0<\/span><\/div>\n<div dir=\"auto\">\n<p><span style=\"color: #ffffff;\">.<\/span><\/p>\n<div dir=\"auto\">\n<p><span style=\"color: #ffffff;\">.\u00a0<\/span><\/p>\n<div dir=\"auto\"><span style=\"color: #ffffff;\">.\u00a0<\/span><\/div>\n<div dir=\"auto\"><span style=\"color: #ffffff;\">.\u00a0<\/span><\/div>\n<div dir=\"auto\">\n<div dir=\"auto\"><span style=\"color: #ffffff;\">.\u00a0<\/span><\/div>\n<div dir=\"auto\">\n<div dir=\"auto\"><span style=\"color: #ffffff;\">.\u00a0<\/span><\/div>\n<\/div>\n<\/div>\n<\/div>\n<\/div>\n<\/div>\n<div dir=\"auto\">\n<div dir=\"auto\">\n<div dir=\"auto\">\n<div dir=\"auto\">\n<div dir=\"auto\">\n<hr \/>\n<h3><em><strong>Esgl\u00e9sia Evang\u00e8lica de Sants<\/strong><\/em><\/h3>\n<div dir=\"auto\"><img loading=\"lazy\" decoding=\"async\" class=\"alignleft size-medium wp-image-1789\" src=\"http:\/\/eec.cat\/blog\/wp-content\/uploads\/2017\/03\/Captura-de-pantalla-2017-03-20-a-les-13.04.59-1-224x300.png\" alt=\"\" width=\"224\" height=\"300\" srcset=\"https:\/\/eec.cat\/blog\/wp-content\/uploads\/2017\/03\/Captura-de-pantalla-2017-03-20-a-les-13.04.59-1-224x300.png 224w, https:\/\/eec.cat\/blog\/wp-content\/uploads\/2017\/03\/Captura-de-pantalla-2017-03-20-a-les-13.04.59-1.png 738w\" sizes=\"auto, (max-width: 224px) 100vw, 224px\" \/>c\/ de Carreras Candi 60,\u00a008028\u00a0Barcelona<\/div>\n<div dir=\"auto\">Tel de contacte: 93 422 42 16<\/div>\n<div dir=\"auto\"><strong>Pr. Joan Medrano<\/strong><\/div>\n<\/div>\n<\/div>\n<\/div>\n<\/div>\n<\/div>\n<div dir=\"auto\">\n<div dir=\"auto\"><span style=\"color: #ffffff;\">.\u00a0<\/span><\/div>\n<div dir=\"auto\"><span style=\"color: #ffffff;\">.\u00a0<\/span><\/div>\n<div dir=\"auto\"><span style=\"color: #ffffff;\">.\u00a0<\/span><\/div>\n<div dir=\"auto\"><span style=\"color: #ffffff;\">.\u00a0<\/span><\/div>\n<div dir=\"auto\">\n<p><span style=\"color: #ffffff;\">.<\/span><\/p>\n<div dir=\"auto\">\n<p><span style=\"color: #ffffff;\">.\u00a0<\/span><\/p>\n<div dir=\"auto\"><span style=\"color: #ffffff;\">.\u00a0<\/span><\/div>\n<div dir=\"auto\"><span style=\"color: #ffffff;\">.\u00a0<\/span><\/div>\n<div dir=\"auto\">\n<div dir=\"auto\"><span style=\"color: #ffffff;\">.\u00a0<\/span><\/div>\n<div dir=\"auto\">\n<div dir=\"auto\"><span style=\"color: #ffffff;\">.\u00a0<\/span><\/div>\n<\/div>\n<\/div>\n<\/div>\n<\/div>\n<\/div>\n<div dir=\"auto\">\n<div dir=\"auto\">\n<div dir=\"auto\">\n<div dir=\"auto\">\n<div dir=\"auto\">\n<hr \/>\n<h2>La Llagosta<\/h2>\n<h4><em><strong>Esgl\u00e9sia Protestant &#8220;El Redemptor&#8221;<\/strong><\/em><\/h4>\n<p style=\"text-align: left;\"><img loading=\"lazy\" decoding=\"async\" class=\"size-medium wp-image-1768 alignleft\" src=\"http:\/\/eec.cat\/blog\/wp-content\/uploads\/2017\/03\/llagosta-300x146.jpg\" alt=\"\" width=\"300\" height=\"146\" srcset=\"https:\/\/eec.cat\/blog\/wp-content\/uploads\/2017\/03\/llagosta-300x146.jpg 300w, https:\/\/eec.cat\/blog\/wp-content\/uploads\/2017\/03\/llagosta-768x375.jpg 768w, https:\/\/eec.cat\/blog\/wp-content\/uploads\/2017\/03\/llagosta-1024x500.jpg 1024w, https:\/\/eec.cat\/blog\/wp-content\/uploads\/2017\/03\/llagosta.jpg 1312w\" sizes=\"auto, (max-width: 300px) 100vw, 300px\" \/>c\/ Pablo Picasso 3,\u00a008120 La Llagosta (Barcelona)<br \/>\nT\u00e8l. contacte:\u00a0633 95 38 34<br \/>\n<strong>Yolanda Gasc\u00f3n<\/strong><br \/>\nFacebook:\u00a0<a href=\"https:\/\/www.facebook.com\/esglesiaredemptor\">www.facebook.com\/esglesiaredemptor<br \/>\n<\/a>Blog:\u00a0<a href=\"https:\/\/lallagostaiee.wordpress.com\/\">https:\/\/lallagostaiee.wordpress.com<\/a><\/p>\n<div dir=\"auto\"><span style=\"color: #ffffff;\">.\u00a0<\/span><\/div>\n<div dir=\"auto\"><span style=\"color: #ffffff;\">.\u00a0<\/span><\/div>\n<div dir=\"auto\"><span style=\"color: #ffffff;\">.\u00a0<\/span><\/div>\n<div dir=\"auto\"><span style=\"color: #ffffff;\">.\u00a0<\/span><\/div>\n<div dir=\"auto\">\n<hr \/>\n<\/div>\n<div dir=\"auto\">\n<h2>Rub\u00ed<\/h2>\n<h3><em><strong>1era Esgl\u00e9sia Protestant a Rub\u00ed<\/strong><\/em><\/h3>\n<div dir=\"auto\"><img loading=\"lazy\" decoding=\"async\" class=\"alignleft size-medium wp-image-1764\" src=\"http:\/\/eec.cat\/blog\/wp-content\/uploads\/2013\/07\/2003-50_S-300x225.jpg\" alt=\"\" width=\"300\" height=\"225\" srcset=\"https:\/\/eec.cat\/blog\/wp-content\/uploads\/2013\/07\/2003-50_S-300x225.jpg 300w, https:\/\/eec.cat\/blog\/wp-content\/uploads\/2013\/07\/2003-50_S-768x576.jpg 768w, https:\/\/eec.cat\/blog\/wp-content\/uploads\/2013\/07\/2003-50_S-1024x768.jpg 1024w, https:\/\/eec.cat\/blog\/wp-content\/uploads\/2013\/07\/2003-50_S.jpg 1152w\" sizes=\"auto, (max-width: 300px) 100vw, 300px\" \/>c\/\u00a0Descobridor Colom 4-6,\u00a008191\u00a0Rub\u00ed (Barcelona)<\/div>\n<div dir=\"auto\">T\u00e8l de contacte: 639 075 470<br \/>\n<strong>Pr. Jonathan Navarro<\/strong><\/div>\n<div dir=\"auto\">mail: eer1881secretari@gmail.com<\/div>\n<div dir=\"auto\">Web:\u00a0<a href=\"http:\/\/www.esglesiarubi.org\" target=\"_blank\" rel=\"noopener\">www.esglesiarubi.org<\/a><\/div>\n<div dir=\"auto\"><a href=\"https:\/\/www.facebook.com\/Esgl\u00e9sia-Protestant-a-Rub%C3%AD-173913502626002\/\" target=\"_blank\" rel=\"noopener\">Facebook 1a Esgl\u00e9sia Protestant a Rub\u00ed<\/a><\/div>\n<\/div>\n<\/div>\n<\/div>\n<\/div>\n<\/div>\n<\/div>\n<div dir=\"auto\">\n<div dir=\"auto\"><span style=\"color: #ffffff;\">.\u00a0<\/span><\/div>\n<div dir=\"auto\"><span style=\"color: #ffffff;\">.\u00a0<\/span><\/div>\n<div dir=\"auto\"><span style=\"color: #ffffff;\">.\u00a0<\/span><\/div>\n<div dir=\"auto\"><span style=\"color: #ffffff;\">.\u00a0<\/span><\/div>\n<div dir=\"auto\"><span style=\"color: #ffffff;\">.<\/span><\/div>\n<\/div>\n<div dir=\"auto\">\n<div dir=\"auto\">\n<div dir=\"auto\"><span style=\"color: #ffffff;\">.<\/span><\/div>\n<\/div>\n<\/div>\n<div dir=\"auto\">\n<div dir=\"auto\">\n<div dir=\"auto\">\n<div dir=\"auto\">\n<div dir=\"auto\">\n<div dir=\"auto\">\n<div dir=\"auto\">\n<hr \/>\n<\/div>\n<div dir=\"auto\">\n<h2>Santa Coloma de Gramanet<\/h2>\n<h3><em><strong>Esgl\u00e9sia Evang\u00e8lica\u00a0Francesc Juli\u00e0<\/strong><\/em><\/h3>\n<div dir=\"auto\"><img loading=\"lazy\" decoding=\"async\" class=\"alignleft size-medium wp-image-1781\" src=\"http:\/\/eec.cat\/blog\/wp-content\/uploads\/2017\/03\/Captura-de-pantalla-2017-03-20-a-les-12.33.38-300x286.png\" alt=\"\" width=\"300\" height=\"286\" srcset=\"https:\/\/eec.cat\/blog\/wp-content\/uploads\/2017\/03\/Captura-de-pantalla-2017-03-20-a-les-12.33.38-300x286.png 300w, https:\/\/eec.cat\/blog\/wp-content\/uploads\/2017\/03\/Captura-de-pantalla-2017-03-20-a-les-12.33.38-768x731.png 768w, https:\/\/eec.cat\/blog\/wp-content\/uploads\/2017\/03\/Captura-de-pantalla-2017-03-20-a-les-12.33.38.png 1004w\" sizes=\"auto, (max-width: 300px) 100vw, 300px\" \/>c\/\u00a0Francesc Juli\u00e0 17,\u00a008923 Santa Coloma de Gramenet (Barcelona)<\/div>\n<div dir=\"auto\">T\u00e8l de contacte: 933 85 16 62<\/div>\n<div dir=\"auto\"><strong>Pr. Joan Medrano<\/strong><\/div>\n<\/div>\n<\/div>\n<\/div>\n<\/div>\n<\/div>\n<\/div>\n<\/div>\n<div dir=\"auto\">\n<div dir=\"auto\"><span style=\"color: #ffffff;\">.\u00a0<\/span><\/div>\n<div dir=\"auto\"><span style=\"color: #ffffff;\">.\u00a0<\/span><\/div>\n<div dir=\"auto\"><span style=\"color: #ffffff;\">. \u00a0<\/span><\/div>\n<div dir=\"auto\"><span style=\"color: #ffffff;\">.\u00a0<\/span><\/div>\n<div dir=\"auto\">\n<p><span style=\"color: #ffffff;\"><span style=\"color: #ffffff;\">.<\/span><\/span><\/p>\n<div dir=\"auto\"><span style=\"color: #ffffff;\">.\u00a0<\/span><\/div>\n<div dir=\"auto\"><span style=\"color: #ffffff;\">.\u00a0<\/span><\/div>\n<div dir=\"auto\">\n<div dir=\"auto\"><span style=\"color: #ffffff;\">.\u00a0<\/span><\/div>\n<div dir=\"auto\"><span style=\"color: #ffffff;\">.\u00a0<\/span><\/div>\n<\/div>\n<\/div>\n<\/div>\n<div dir=\"auto\">\n<div dir=\"auto\">\n<div dir=\"auto\">\n<div dir=\"auto\">\n<div dir=\"auto\">\n<div dir=\"auto\">\n<div dir=\"auto\">\n<div dir=\"auto\"><\/div>\n<div dir=\"auto\">\n<hr \/>\n<\/div>\n<\/div>\n<h1>Provincia de Tarragona<\/h1>\n<h2>Reus<\/h2>\n<h3><em><strong>Esgl\u00e9sia Evang\u00e8lica del Salvador<\/strong><\/em><\/h3>\n<p><img loading=\"lazy\" decoding=\"async\" class=\"alignleft size-medium wp-image-1767\" src=\"http:\/\/eec.cat\/blog\/wp-content\/uploads\/2017\/03\/Captura-de-pantalla-2017-03-20-a-les-11.48.08-216x300.png\" alt=\"\" width=\"216\" height=\"300\" srcset=\"https:\/\/eec.cat\/blog\/wp-content\/uploads\/2017\/03\/Captura-de-pantalla-2017-03-20-a-les-11.48.08-216x300.png 216w, https:\/\/eec.cat\/blog\/wp-content\/uploads\/2017\/03\/Captura-de-pantalla-2017-03-20-a-les-11.48.08-738x1024.png 738w, https:\/\/eec.cat\/blog\/wp-content\/uploads\/2017\/03\/Captura-de-pantalla-2017-03-20-a-les-11.48.08.png 750w\" sizes=\"auto, (max-width: 216px) 100vw, 216px\" \/>c\/ Vidal 11,\u00a043201 Reus<br \/>\nT\u00e8l de contacte\u00a0677312985<br \/>\n<strong>Pr. Narc\u00eds de Batlle<\/strong><br \/>\nMail:\u00a0<a href=\"mailto:esglesiadereus@gmail.com\">esglesiadereusARROBAgmail.com<\/a><br \/>\nBlog:\u00a0<a href=\"http:\/\/www.esglesiareus.blogspot.com.es\/\">www.esglesiareus.blogspot.com.es<\/a><\/p>\n<div dir=\"auto\"><span style=\"color: #ffffff;\">.\u00a0<\/span><\/div>\n<div dir=\"auto\"><span style=\"color: #ffffff;\">.\u00a0<\/span><\/div>\n<div dir=\"auto\"><span style=\"color: #ffffff;\">.\u00a0<\/span><\/div>\n<div dir=\"auto\"><span style=\"color: #ffffff;\">.\u00a0<\/span><\/div>\n<div dir=\"auto\"><span style=\"color: #ffffff;\">.<\/span><\/div>\n<\/div>\n<\/div>\n<\/div>\n<\/div>\n<\/div>\n<\/div>\n","protected":false},"excerpt":{"rendered":"<p>Les comunitats de l&#8217;Esgl\u00e9sia Evang\u00e9lica de Catalunya estan dintre de les tradicions metodista o presbiteriana. Troba la comunitat cristiana que estigui m\u00e9s a prop teu, a totes ser\u00e0s molt benvingut\/da! Prov\u00edncia de Barcelona Barcelona ciutat Esgl\u00e9sia Protestant de Barcelona Centre c\/ dels Tallers 26,\u00a008001\u00a0Barcelona T\u00e8l de contacte: 93 318 97 98 Pra. Marta L\u00f3pez mail: [&hellip;]<\/p>\n","protected":false},"author":1,"featured_media":1765,"parent":0,"menu_order":0,"comment_status":"closed","ping_status":"closed","template":"","meta":{"footnotes":""},"class_list":["post-1738","page","type-page","status-publish","has-post-thumbnail","hentry"],"jetpack_sharing_enabled":true,"_links":{"self":[{"href":"https:\/\/eec.cat\/blog\/wp-json\/wp\/v2\/pages\/1738","targetHints":{"allow":["GET"]}}],"collection":[{"href":"https:\/\/eec.cat\/blog\/wp-json\/wp\/v2\/pages"}],"about":[{"href":"https:\/\/eec.cat\/blog\/wp-json\/wp\/v2\/types\/page"}],"author":[{"embeddable":true,"href":"https:\/\/eec.cat\/blog\/wp-json\/wp\/v2\/users\/1"}],"replies":[{"embeddable":true,"href":"https:\/\/eec.cat\/blog\/wp-json\/wp\/v2\/comments?post=1738"}],"version-history":[{"count":6,"href":"https:\/\/eec.cat\/blog\/wp-json\/wp\/v2\/pages\/1738\/revisions"}],"predecessor-version":[{"id":2562,"href":"https:\/\/eec.cat\/blog\/wp-json\/wp\/v2\/pages\/1738\/revisions\/2562"}],"wp:featuredmedia":[{"embeddable":true,"href":"https:\/\/eec.cat\/blog\/wp-json\/wp\/v2\/media\/1765"}],"wp:attachment":[{"href":"https:\/\/eec.cat\/blog\/wp-json\/wp\/v2\/media?parent=1738"}],"curies":[{"name":"wp","href":"https:\/\/api.w.org\/{rel}","templated":true}]}}